{"id":157,"date":"2023-06-28T12:58:52","date_gmt":"2023-06-28T12:58:52","guid":{"rendered":"https:\/\/decalcer.com\/wp\/?page_id=157"},"modified":"2025-10-07T16:33:49","modified_gmt":"2025-10-07T16:33:49","slug":"home","status":"publish","type":"page","link":"https:\/\/www.decalcer.com\/en\/","title":{"rendered":"Home"},"content":{"rendered":"<div data-elementor-type=\"wp-page\" data-elementor-id=\"157\" class=\"elementor elementor-157\" data-elementor-post-type=\"page\">\n\t\t\t\t<div class=\"elementor-element elementor-element-467f170 e-flex e-con-boxed e-con e-parent\" data-id=\"467f170\" data-element_type=\"container\">\n\t\t\t\t\t<div class=\"e-con-inner\">\n\t\t\t\t<div class=\"elementor-element elementor-element-1f0ed42 elementor--h-position-center elementor--v-position-middle elementor-arrows-position-inside elementor-pagination-position-inside elementor-widget elementor-widget-slides\" data-id=\"1f0ed42\" data-element_type=\"widget\" data-settings=\"{&quot;transition&quot;:&quot;fade&quot;,&quot;navigation&quot;:&quot;both&quot;,&quot;autoplay&quot;:&quot;yes&quot;,&quot;pause_on_hover&quot;:&quot;yes&quot;,&quot;pause_on_interaction&quot;:&quot;yes&quot;,&quot;autoplay_speed&quot;:5000,&quot;infinite&quot;:&quot;yes&quot;,&quot;transition_speed&quot;:500}\" data-widget_type=\"slides.default\">\n\t\t\t\t<div class=\"elementor-widget-container\">\n\t\t\t\t\t\t\t\t\t<div class=\"elementor-swiper\">\n\t\t\t\t\t<div class=\"elementor-slides-wrapper elementor-main-swiper swiper\" role=\"region\" aria-roledescription=\"carousel\" aria-label=\"Slides\" dir=\"ltr\" data-animation=\"fadeInUp\">\n\t\t\t\t<div class=\"swiper-wrapper elementor-slides\">\n\t\t\t\t\t\t\t\t\t\t<div class=\"elementor-repeater-item-a1b0c92 swiper-slide\" role=\"group\" aria-roledescription=\"slide\"><div class=\"swiper-slide-bg\" role=\"img\" aria-label=\"V\u00e1rios pratos decorados\"><\/div><div class=\"swiper-slide-inner\" ><div class=\"swiper-slide-contents\"><\/div><\/div><\/div><div class=\"elementor-repeater-item-1afacaf swiper-slide\" role=\"group\" aria-roledescription=\"slide\"><div class=\"swiper-slide-bg\" role=\"img\" aria-label=\"Pratos com p\u00e1ssaros\"><\/div><div class=\"swiper-slide-inner\" ><div class=\"swiper-slide-contents\"><\/div><\/div><\/div><div class=\"elementor-repeater-item-a0f3f96 swiper-slide\" role=\"group\" aria-roledescription=\"slide\"><div class=\"swiper-slide-bg\" role=\"img\" aria-label=\"Prato de ceramica decorada\"><\/div><div class=\"swiper-slide-inner\" ><div class=\"swiper-slide-contents\"><\/div><\/div><\/div>\t\t\t\t<\/div>\n\t\t\t\t\t\t\t\t\t\t\t\t\t\t\t<div class=\"elementor-swiper-button elementor-swiper-button-prev\" role=\"button\" tabindex=\"0\" aria-label=\"Previous slide\">\n\t\t\t\t\t\t\t<svg aria-hidden=\"true\" class=\"e-font-icon-svg e-eicon-chevron-left\" viewbox=\"0 0 1000 1000\" xmlns=\"http:\/\/www.w3.org\/2000\/svg\"><path d=\"M646 125C629 125 613 133 604 142L308 442C296 454 292 471 292 487 292 504 296 521 308 533L604 854C617 867 629 875 646 875 663 875 679 871 692 858 704 846 713 829 713 812 713 796 708 779 692 767L438 487 692 225C700 217 708 204 708 187 708 171 704 154 692 142 675 129 663 125 646 125Z\"><\/path><\/svg>\t\t\t\t\t\t<\/div>\n\t\t\t\t\t\t<div class=\"elementor-swiper-button elementor-swiper-button-next\" role=\"button\" tabindex=\"0\" aria-label=\"Next slide\">\n\t\t\t\t\t\t\t<svg aria-hidden=\"true\" class=\"e-font-icon-svg e-eicon-chevron-right\" viewbox=\"0 0 1000 1000\" xmlns=\"http:\/\/www.w3.org\/2000\/svg\"><path d=\"M696 533C708 521 713 504 713 487 713 471 708 454 696 446L400 146C388 133 375 125 354 125 338 125 325 129 313 142 300 154 292 171 292 187 292 204 296 221 308 233L563 492 304 771C292 783 288 800 288 817 288 833 296 850 308 863 321 871 338 875 354 875 371 875 388 867 400 854L696 533Z\"><\/path><\/svg>\t\t\t\t\t\t<\/div>\n\t\t\t\t\t\t\t\t\t\t\t\t\t\t\t\t<div class=\"swiper-pagination\"><\/div>\n\t\t\t\t\t\t\t\t\t\t\t\t<\/div>\n\t\t\t\t<\/div>\n\t\t\t\t\t\t\t\t<\/div>\n\t\t\t\t<\/div>\n\t\t\t\t<div class=\"elementor-element elementor-element-76ebc65 elementor-widget elementor-widget-spacer\" data-id=\"76ebc65\" data-element_type=\"widget\" data-widget_type=\"spacer.default\">\n\t\t\t\t<div class=\"elementor-widget-container\">\n\t\t\t\t\t\t\t<div class=\"elementor-spacer\">\n\t\t\t<div class=\"elementor-spacer-inner\"><\/div>\n\t\t<\/div>\n\t\t\t\t\t\t<\/div>\n\t\t\t\t<\/div>\n\t\t\t\t\t<\/div>\n\t\t\t\t<\/div>\n\t\t<div class=\"elementor-element elementor-element-e3f0c0d e-flex e-con-boxed e-con e-parent\" data-id=\"e3f0c0d\" data-element_type=\"container\">\n\t\t\t\t\t<div class=\"e-con-inner\">\n\t\t<div class=\"elementor-element elementor-element-6a7880e e-flex e-con-boxed e-con e-child\" data-id=\"6a7880e\" data-element_type=\"container\">\n\t\t\t\t\t<div class=\"e-con-inner\">\n\t\t\t\t<div class=\"elementor-element elementor-element-957c18a animated-slow elementor-invisible elementor-widget elementor-widget-image\" data-id=\"957c18a\" data-element_type=\"widget\" data-settings=\"{&quot;_animation&quot;:&quot;slideInLeft&quot;,&quot;_animation_delay&quot;:100}\" data-widget_type=\"image.default\">\n\t\t\t\t<div class=\"elementor-widget-container\">\n\t\t\t\t\t\t\t\t\t\t\t\t\t\t\t\t<a href=\"https:\/\/www.decalcer.com\/en\/wp\/azulejos\/\">\n\t\t\t\t\t\t\t<img fetchpriority=\"high\" decoding=\"async\" width=\"300\" height=\"300\" src=\"https:\/\/www.decalcer.com\/wp-content\/uploads\/2023\/06\/Quadrado_azulejos-300x300.jpg\" class=\"attachment-medium size-medium wp-image-197\" alt=\"Azulejos personalizados\" srcset=\"https:\/\/www.decalcer.com\/wp-content\/uploads\/2023\/06\/Quadrado_azulejos-300x300.jpg 300w, https:\/\/www.decalcer.com\/wp-content\/uploads\/2023\/06\/Quadrado_azulejos-150x150.jpg 150w, https:\/\/www.decalcer.com\/wp-content\/uploads\/2023\/06\/Quadrado_azulejos-768x768.jpg 768w, https:\/\/www.decalcer.com\/wp-content\/uploads\/2023\/06\/Quadrado_azulejos.jpg 800w\" sizes=\"(max-width: 300px) 100vw, 300px\" \/>\t\t\t\t\t\t\t\t<\/a>\n\t\t\t\t\t\t\t\t\t\t\t\t\t\t\t<\/div>\n\t\t\t\t<\/div>\n\t\t\t\t<div class=\"elementor-element elementor-element-c82e1b8 animated-slow elementor-drop-cap-yes elementor-drop-cap-view-default elementor-invisible elementor-widget elementor-widget-text-editor\" data-id=\"c82e1b8\" data-element_type=\"widget\" data-settings=\"{&quot;_animation&quot;:&quot;slideInLeft&quot;,&quot;drop_cap&quot;:&quot;yes&quot;}\" data-widget_type=\"text-editor.default\">\n\t\t\t\t<div class=\"elementor-widget-container\">\n\t\t\t\t\t\t\t\t\t<h1>Azulejos personalizados<\/h1>\t\t\t\t\t\t\t\t<\/div>\n\t\t\t\t<\/div>\n\t\t\t\t<div class=\"elementor-element elementor-element-ce9cd9d animated-slow elementor-invisible elementor-widget elementor-widget-text-editor\" data-id=\"ce9cd9d\" data-element_type=\"widget\" data-settings=\"{&quot;_animation&quot;:&quot;slideInLeft&quot;}\" data-widget_type=\"text-editor.default\">\n\t\t\t\t<div class=\"elementor-widget-container\">\n\t\t\t\t\t\t\t\t\t<h2>Transformamos azulejos comuns em pe\u00e7as decorativas \u00fanicas. Oferecemos pain\u00e9is com motivos tradicionais ou religiosos, adaptados ao seu espa\u00e7o \u2014 cozinhas, salas, fachadas ou interiores comerciais \u2014 dispon\u00edveis em diversos formatos desde 7,5\u00d77,5 cm at\u00e9 pain\u00e9is art\u00edsticos maiores.<\/h2>\t\t\t\t\t\t\t\t<\/div>\n\t\t\t\t<\/div>\n\t\t\t\t\t<\/div>\n\t\t\t\t<\/div>\n\t\t<div class=\"elementor-element elementor-element-762ef04 e-con-full e-flex e-con e-child\" data-id=\"762ef04\" data-element_type=\"container\">\n\t\t\t\t<div class=\"elementor-element elementor-element-907f0ae animated-slow elementor-invisible elementor-widget elementor-widget-image\" data-id=\"907f0ae\" data-element_type=\"widget\" data-settings=\"{&quot;_animation&quot;:&quot;slideInUp&quot;}\" data-widget_type=\"image.default\">\n\t\t\t\t<div class=\"elementor-widget-container\">\n\t\t\t\t\t\t\t\t\t\t\t\t\t\t\t\t<a href=\"https:\/\/www.decalcer.com\/en\/wp\/vidro\/\">\n\t\t\t\t\t\t\t<img decoding=\"async\" width=\"300\" height=\"300\" src=\"https:\/\/www.decalcer.com\/wp-content\/uploads\/2023\/06\/Quadrado_vidro-300x300.jpg\" class=\"attachment-medium size-medium wp-image-198\" alt=\"Aplicamos decalques em vidro com cores uniformes, decalcagem multicolor ou quadricromia, para vitrines, portas, janelas ou objetos decorativos. Acabamento de alta qualidade que real\u00e7a brilho e durabilidade.\" srcset=\"https:\/\/www.decalcer.com\/wp-content\/uploads\/2023\/06\/Quadrado_vidro-300x300.jpg 300w, https:\/\/www.decalcer.com\/wp-content\/uploads\/2023\/06\/Quadrado_vidro-150x150.jpg 150w, https:\/\/www.decalcer.com\/wp-content\/uploads\/2023\/06\/Quadrado_vidro-768x768.jpg 768w, https:\/\/www.decalcer.com\/wp-content\/uploads\/2023\/06\/Quadrado_vidro.jpg 800w\" sizes=\"(max-width: 300px) 100vw, 300px\" \/>\t\t\t\t\t\t\t\t<\/a>\n\t\t\t\t\t\t\t\t\t\t\t\t\t\t\t<\/div>\n\t\t\t\t<\/div>\n\t\t\t\t<div class=\"elementor-element elementor-element-d89f891 animated-slow elementor-widget__width-initial elementor-invisible elementor-widget elementor-widget-text-editor\" data-id=\"d89f891\" data-element_type=\"widget\" data-settings=\"{&quot;_animation&quot;:&quot;slideInUp&quot;}\" data-widget_type=\"text-editor.default\">\n\t\t\t\t<div class=\"elementor-widget-container\">\n\t\t\t\t\t\t\t\t\t<h1>Decora\u00e7\u00e3o para vidro<\/h1>\t\t\t\t\t\t\t\t<\/div>\n\t\t\t\t<\/div>\n\t\t\t\t<div class=\"elementor-element elementor-element-96cfa1e animated-slow elementor-invisible elementor-widget elementor-widget-text-editor\" data-id=\"96cfa1e\" data-element_type=\"widget\" data-settings=\"{&quot;_animation&quot;:&quot;slideInUp&quot;}\" data-widget_type=\"text-editor.default\">\n\t\t\t\t<div class=\"elementor-widget-container\">\n\t\t\t\t\t\t\t\t\t<h2>Aplicamos decalques em vidro com cores uniformes, decalcagem multicolor ou quadricromia, objetos<\/h2><h2>decorativos, tais como copos, garrafas, etc.<\/h2><h2>Acabamento de alta qualidade que real\u00e7a brilho e durabilidade.<\/h2>\t\t\t\t\t\t\t\t<\/div>\n\t\t\t\t<\/div>\n\t\t\t\t<\/div>\n\t\t<div class=\"elementor-element elementor-element-bb426ca e-con-full e-flex e-con e-child\" data-id=\"bb426ca\" data-element_type=\"container\">\n\t\t\t\t<div class=\"elementor-element elementor-element-ecec510 animated-slow elementor-invisible elementor-widget elementor-widget-image\" data-id=\"ecec510\" data-element_type=\"widget\" data-settings=\"{&quot;_animation&quot;:&quot;slideInRight&quot;}\" data-widget_type=\"image.default\">\n\t\t\t\t<div class=\"elementor-widget-container\">\n\t\t\t\t\t\t\t\t\t\t\t\t\t\t\t\t<a href=\"https:\/\/www.decalcer.com\/en\/wp\/ceramica\/\">\n\t\t\t\t\t\t\t<img decoding=\"async\" width=\"300\" height=\"300\" src=\"https:\/\/www.decalcer.com\/wp-content\/uploads\/2023\/06\/quadrado_boeira-300x300.jpg\" class=\"attachment-medium size-medium wp-image-200\" alt=\"Trabalhamos com decalques de baixo e alto-fogo, para porcelana, gr\u00eas, faian\u00e7a e barro at\u00e9 resist\u00eancia a temperaturas elevadas (~1200 \u00b0C)\" srcset=\"https:\/\/www.decalcer.com\/wp-content\/uploads\/2023\/06\/quadrado_boeira-300x300.jpg 300w, https:\/\/www.decalcer.com\/wp-content\/uploads\/2023\/06\/quadrado_boeira-150x150.jpg 150w, https:\/\/www.decalcer.com\/wp-content\/uploads\/2023\/06\/quadrado_boeira-768x768.jpg 768w, https:\/\/www.decalcer.com\/wp-content\/uploads\/2023\/06\/quadrado_boeira.jpg 800w\" sizes=\"(max-width: 300px) 100vw, 300px\" \/>\t\t\t\t\t\t\t\t<\/a>\n\t\t\t\t\t\t\t\t\t\t\t\t\t\t\t<\/div>\n\t\t\t\t<\/div>\n\t\t\t\t<div class=\"elementor-element elementor-element-411bd0b elementor-widget elementor-widget-text-editor\" data-id=\"411bd0b\" data-element_type=\"widget\" data-widget_type=\"text-editor.default\">\n\t\t\t\t<div class=\"elementor-widget-container\">\n\t\t\t\t\t\t\t\t\t<h1>Cer\u00e2mica para todas as necessidades<\/h1>\t\t\t\t\t\t\t\t<\/div>\n\t\t\t\t<\/div>\n\t\t\t\t<div class=\"elementor-element elementor-element-236a5e0 animated-slow elementor-invisible elementor-widget elementor-widget-text-editor\" data-id=\"236a5e0\" data-element_type=\"widget\" data-settings=\"{&quot;_animation&quot;:&quot;slideInRight&quot;}\" data-widget_type=\"text-editor.default\">\n\t\t\t\t<div class=\"elementor-widget-container\">\n\t\t\t\t\t\t\t\t\t<h2>Trabalhamos com decalques de baixo e alto-fogo, para porcelana, gr\u00eas, faian\u00e7a e barro at\u00e9 resist\u00eancia a temperaturas elevadas (~1200 \u00b0C).<\/h2><h2>Garantimos acabamento profissional, ader\u00eancia e durabilidade.<\/h2>\t\t\t\t\t\t\t\t<\/div>\n\t\t\t\t<\/div>\n\t\t\t\t<\/div>\n\t\t\t\t\t<\/div>\n\t\t\t\t<\/div>\n\t\t<div class=\"elementor-element elementor-element-89deeae e-flex e-con-boxed e-con e-parent\" data-id=\"89deeae\" data-element_type=\"container\">\n\t\t\t\t\t<div class=\"e-con-inner\">\n\t\t\t\t<div class=\"elementor-element elementor-element-273f6c4 elementor-widget elementor-widget-bdt-cookie-consent\" data-id=\"273f6c4\" data-element_type=\"widget\" data-widget_type=\"bdt-cookie-consent.default\">\n\t\t\t\t<div class=\"elementor-widget-container\">\n\t\t\t\t\t\n\t\t\t<div class=\"bdt-cookie-consent bdt-hidden\" data-settings=\"{&quot;position&quot;:&quot;bottom&quot;,&quot;static&quot;:false,&quot;content&quot;:{&quot;message&quot;:&quot;Este s\\u00edtio Web utiliza cookies para garantir que obt\\u00e9m a melhor experi\\u00eancia no nosso s\\u00edtio Web. &quot;,&quot;dismiss&quot;:&quot;Aceito&quot;,&quot;link&quot;:&quot;Saiba mais&quot;,&quot;href&quot;:&quot;https:\/\/decalcer.com\/wp\/avisos-legais\/&quot;,&quot;custom_attr&quot;:&quot;href=\\u0026quot;https:\/\/decalcer.com\/wp\/avisos-legais\/\\u0026quot; target=\\u0026quot;_blank\\u0026quot;&quot;},&quot;cookie&quot;:{&quot;name&quot;:&quot;element_pack_cookie_widget&quot;,&quot;domain&quot;:&quot;decalcer.com&quot;,&quot;expiryDays&quot;:7}}\"><\/div>\n\n\t\t\t\t\t\t<\/div>\n\t\t\t\t<\/div>\n\t\t\t\t\t<\/div>\n\t\t\t\t<\/div>\n\t\t\t\t<\/div>","protected":false},"excerpt":{"rendered":"<p>A Decalcer \u00e9 especializada na produ\u00e7\u00e3o de decalques personalizados de alta qualidade, desenvolvidos para aplica\u00e7\u00e3o em porcelana, gr\u00e9s, faian\u00e7a e barro, com processos de cura at\u00e9 820\u00b0 e tamb\u00e9m em alto fogo at\u00e9 1200\u00b0, garantindo durabilidade, cor e resist\u00eancia superiores.<br \/>\nAl\u00e9m da cer\u00e2mica tradicional, a Decalcer expande a sua expertise para novas \u00e1reas, criando decalques exclusivos para capacetes, bicicletas e outros suportes met\u00e1licos ou polim\u00e9ricos, com acabamentos resistentes e personaliza\u00e7\u00f5es adaptadas ao design e identidade visual de cada cliente.<\/p>","protected":false},"author":1,"featured_media":202,"parent":0,"menu_order":0,"comment_status":"closed","ping_status":"closed","template":"","meta":{"footnotes":""},"class_list":["post-157","page","type-page","status-publish","has-post-thumbnail","hentry"],"yoast_head":"<!-- This site is optimized with the Yoast SEO plugin v26.1 - https:\/\/yoast.com\/wordpress\/plugins\/seo\/ -->\n<title>Home - Decalcer Decalcer<\/title>\n<meta name=\"description\" content=\"A Decalcer \u00e9 especializada na produ\u00e7\u00e3o de decalques personalizados de alta qualidade, desenvolvidos para aplica\u00e7\u00e3o em porcelana, gr\u00e9s, faian\u00e7a e barro, com processos de cura at\u00e9 820\u00b0 e tamb\u00e9m em alto fogo at\u00e9 1200\u00b0, garantindo durabilidade, cor e resist\u00eancia superiores.Al\u00e9m da cer\u00e2mica tradicional, a Decalcer expande a sua expertise para novas \u00e1reas, criando decalques exclusivos para capacetes, bicicletas e outros suportes met\u00e1licos ou polim\u00e9ricos, com acabamentos resistentes e personaliza\u00e7\u00f5es adaptadas ao design e identidade visual de cada cliente.\" \/>\n<meta name=\"robots\" content=\"index, follow, max-snippet:-1, max-image-preview:large, max-video-preview:-1\" \/>\n<link rel=\"canonical\" href=\"https:\/\/www.decalcer.com\/en\/\" \/>\n<meta property=\"og:locale\" content=\"en_GB\" \/>\n<meta property=\"og:type\" content=\"article\" \/>\n<meta property=\"og:title\" content=\"Home - Decalcer Decalcer\" \/>\n<meta property=\"og:description\" content=\"A Decalcer \u00e9 especializada na produ\u00e7\u00e3o de decalques personalizados de alta qualidade, desenvolvidos para aplica\u00e7\u00e3o em porcelana, gr\u00e9s, faian\u00e7a e barro, com processos de cura at\u00e9 820\u00b0 e tamb\u00e9m em alto fogo at\u00e9 1200\u00b0, garantindo durabilidade, cor e resist\u00eancia superiores.Al\u00e9m da cer\u00e2mica tradicional, a Decalcer expande a sua expertise para novas \u00e1reas, criando decalques exclusivos para capacetes, bicicletas e outros suportes met\u00e1licos ou polim\u00e9ricos, com acabamentos resistentes e personaliza\u00e7\u00f5es adaptadas ao design e identidade visual de cada cliente.\" \/>\n<meta property=\"og:url\" content=\"https:\/\/www.decalcer.com\/en\/\" \/>\n<meta property=\"og:site_name\" content=\"Decalcer\" \/>\n<meta property=\"article:publisher\" content=\"https:\/\/www.facebook.com\/decalcer\" \/>\n<meta property=\"article:modified_time\" content=\"2025-10-07T16:33:49+00:00\" \/>\n<meta property=\"og:image\" content=\"https:\/\/www.decalcer.com\/wp-content\/uploads\/2023\/06\/logo-decalcer.png\" \/>\n\t<meta property=\"og:image:width\" content=\"900\" \/>\n\t<meta property=\"og:image:height\" content=\"300\" \/>\n\t<meta property=\"og:image:type\" content=\"image\/png\" \/>\n<meta name=\"twitter:card\" content=\"summary_large_image\" \/>\n<meta name=\"twitter:label1\" content=\"Estimated reading time\" \/>\n\t<meta name=\"twitter:data1\" content=\"2 minutes\" \/>\n<script type=\"application\/ld+json\" class=\"yoast-schema-graph\">{\"@context\":\"https:\/\/schema.org\",\"@graph\":[{\"@type\":\"WebPage\",\"@id\":\"https:\/\/www.decalcer.com\/\",\"url\":\"https:\/\/www.decalcer.com\/\",\"name\":\"Home - Decalcer Decalcer\",\"isPartOf\":{\"@id\":\"https:\/\/www.decalcer.com\/#website\"},\"primaryImageOfPage\":{\"@id\":\"https:\/\/www.decalcer.com\/#primaryimage\"},\"image\":{\"@id\":\"https:\/\/www.decalcer.com\/#primaryimage\"},\"thumbnailUrl\":\"https:\/\/www.decalcer.com\/wp-content\/uploads\/2023\/06\/APC_0003.jpg\",\"datePublished\":\"2023-06-28T12:58:52+00:00\",\"dateModified\":\"2025-10-07T16:33:49+00:00\",\"description\":\"A Decalcer \u00e9 especializada na produ\u00e7\u00e3o de decalques personalizados de alta qualidade, desenvolvidos para aplica\u00e7\u00e3o em porcelana, gr\u00e9s, faian\u00e7a e barro, com processos de cura at\u00e9 820\u00b0 e tamb\u00e9m em alto fogo at\u00e9 1200\u00b0, garantindo durabilidade, cor e resist\u00eancia superiores.Al\u00e9m da cer\u00e2mica tradicional, a Decalcer expande a sua expertise para novas \u00e1reas, criando decalques exclusivos para capacetes, bicicletas e outros suportes met\u00e1licos ou polim\u00e9ricos, com acabamentos resistentes e personaliza\u00e7\u00f5es adaptadas ao design e identidade visual de cada cliente.\",\"breadcrumb\":{\"@id\":\"https:\/\/www.decalcer.com\/#breadcrumb\"},\"inLanguage\":\"en-GB\",\"potentialAction\":[{\"@type\":\"ReadAction\",\"target\":[\"https:\/\/www.decalcer.com\/\"]}]},{\"@type\":\"ImageObject\",\"inLanguage\":\"en-GB\",\"@id\":\"https:\/\/www.decalcer.com\/#primaryimage\",\"url\":\"https:\/\/www.decalcer.com\/wp-content\/uploads\/2023\/06\/APC_0003.jpg\",\"contentUrl\":\"https:\/\/www.decalcer.com\/wp-content\/uploads\/2023\/06\/APC_0003.jpg\",\"width\":1400,\"height\":1050,\"caption\":\"Decalques personalizados para porcelana, gr\u00e9s, faian\u00e7a, barro, alto fogo at\u00e9 1200\u00b0, capacetes e bicicletas, com design exclusivo e qualidade certificada.\"},{\"@type\":\"BreadcrumbList\",\"@id\":\"https:\/\/www.decalcer.com\/#breadcrumb\",\"itemListElement\":[{\"@type\":\"ListItem\",\"position\":1,\"name\":\"In\u00edcio\",\"item\":\"https:\/\/www.decalcer.com\/\"},{\"@type\":\"ListItem\",\"position\":2,\"name\":\"Home\"}]},{\"@type\":\"WebSite\",\"@id\":\"https:\/\/www.decalcer.com\/#website\",\"url\":\"https:\/\/www.decalcer.com\/\",\"name\":\"Decalcer\",\"description\":\"Decalques cer\u00e2micos\",\"publisher\":{\"@id\":\"https:\/\/www.decalcer.com\/#organization\"},\"potentialAction\":[{\"@type\":\"SearchAction\",\"target\":{\"@type\":\"EntryPoint\",\"urlTemplate\":\"https:\/\/www.decalcer.com\/?s={search_term_string}\"},\"query-input\":{\"@type\":\"PropertyValueSpecification\",\"valueRequired\":true,\"valueName\":\"search_term_string\"}}],\"inLanguage\":\"en-GB\"},{\"@type\":\"Organization\",\"@id\":\"https:\/\/www.decalcer.com\/#organization\",\"name\":\"Decalcer decalques vitro unipessoal, Lda\",\"url\":\"https:\/\/www.decalcer.com\/\",\"logo\":{\"@type\":\"ImageObject\",\"inLanguage\":\"en-GB\",\"@id\":\"https:\/\/www.decalcer.com\/#\/schema\/logo\/image\/\",\"url\":\"https:\/\/www.decalcer.com\/wp-content\/uploads\/2023\/06\/logo-decalcer.png\",\"contentUrl\":\"https:\/\/www.decalcer.com\/wp-content\/uploads\/2023\/06\/logo-decalcer.png\",\"width\":900,\"height\":300,\"caption\":\"Decalcer decalques vitro unipessoal, Lda\"},\"image\":{\"@id\":\"https:\/\/www.decalcer.com\/#\/schema\/logo\/image\/\"},\"sameAs\":[\"https:\/\/www.facebook.com\/decalcer\",\"https:\/\/www.linkedin.com\/company\/decalcer\"]}]}<\/script>\n<!-- \/ Yoast SEO plugin. -->","yoast_head_json":{"title":"Home - Decalcer Decalcer","description":"A Decalcer \u00e9 especializada na produ\u00e7\u00e3o de decalques personalizados de alta qualidade, desenvolvidos para aplica\u00e7\u00e3o em porcelana, gr\u00e9s, faian\u00e7a e barro, com processos de cura at\u00e9 820\u00b0 e tamb\u00e9m em alto fogo at\u00e9 1200\u00b0, garantindo durabilidade, cor e resist\u00eancia superiores.Al\u00e9m da cer\u00e2mica tradicional, a Decalcer expande a sua expertise para novas \u00e1reas, criando decalques exclusivos para capacetes, bicicletas e outros suportes met\u00e1licos ou polim\u00e9ricos, com acabamentos resistentes e personaliza\u00e7\u00f5es adaptadas ao design e identidade visual de cada cliente.","robots":{"index":"index","follow":"follow","max-snippet":"max-snippet:-1","max-image-preview":"max-image-preview:large","max-video-preview":"max-video-preview:-1"},"canonical":"https:\/\/www.decalcer.com\/en\/","og_locale":"en_GB","og_type":"article","og_title":"Home - Decalcer Decalcer","og_description":"A Decalcer \u00e9 especializada na produ\u00e7\u00e3o de decalques personalizados de alta qualidade, desenvolvidos para aplica\u00e7\u00e3o em porcelana, gr\u00e9s, faian\u00e7a e barro, com processos de cura at\u00e9 820\u00b0 e tamb\u00e9m em alto fogo at\u00e9 1200\u00b0, garantindo durabilidade, cor e resist\u00eancia superiores.Al\u00e9m da cer\u00e2mica tradicional, a Decalcer expande a sua expertise para novas \u00e1reas, criando decalques exclusivos para capacetes, bicicletas e outros suportes met\u00e1licos ou polim\u00e9ricos, com acabamentos resistentes e personaliza\u00e7\u00f5es adaptadas ao design e identidade visual de cada cliente.","og_url":"https:\/\/www.decalcer.com\/en\/","og_site_name":"Decalcer","article_publisher":"https:\/\/www.facebook.com\/decalcer","article_modified_time":"2025-10-07T16:33:49+00:00","og_image":[{"width":900,"height":300,"url":"https:\/\/www.decalcer.com\/wp-content\/uploads\/2023\/06\/logo-decalcer.png","type":"image\/png"}],"twitter_card":"summary_large_image","twitter_misc":{"Estimated reading time":"2 minutes"},"schema":{"@context":"https:\/\/schema.org","@graph":[{"@type":"WebPage","@id":"https:\/\/www.decalcer.com\/","url":"https:\/\/www.decalcer.com\/","name":"Home - Decalcer Decalcer","isPartOf":{"@id":"https:\/\/www.decalcer.com\/#website"},"primaryImageOfPage":{"@id":"https:\/\/www.decalcer.com\/#primaryimage"},"image":{"@id":"https:\/\/www.decalcer.com\/#primaryimage"},"thumbnailUrl":"https:\/\/www.decalcer.com\/wp-content\/uploads\/2023\/06\/APC_0003.jpg","datePublished":"2023-06-28T12:58:52+00:00","dateModified":"2025-10-07T16:33:49+00:00","description":"A Decalcer \u00e9 especializada na produ\u00e7\u00e3o de decalques personalizados de alta qualidade, desenvolvidos para aplica\u00e7\u00e3o em porcelana, gr\u00e9s, faian\u00e7a e barro, com processos de cura at\u00e9 820\u00b0 e tamb\u00e9m em alto fogo at\u00e9 1200\u00b0, garantindo durabilidade, cor e resist\u00eancia superiores.Al\u00e9m da cer\u00e2mica tradicional, a Decalcer expande a sua expertise para novas \u00e1reas, criando decalques exclusivos para capacetes, bicicletas e outros suportes met\u00e1licos ou polim\u00e9ricos, com acabamentos resistentes e personaliza\u00e7\u00f5es adaptadas ao design e identidade visual de cada cliente.","breadcrumb":{"@id":"https:\/\/www.decalcer.com\/#breadcrumb"},"inLanguage":"en-GB","potentialAction":[{"@type":"ReadAction","target":["https:\/\/www.decalcer.com\/"]}]},{"@type":"ImageObject","inLanguage":"en-GB","@id":"https:\/\/www.decalcer.com\/#primaryimage","url":"https:\/\/www.decalcer.com\/wp-content\/uploads\/2023\/06\/APC_0003.jpg","contentUrl":"https:\/\/www.decalcer.com\/wp-content\/uploads\/2023\/06\/APC_0003.jpg","width":1400,"height":1050,"caption":"Decalques personalizados para porcelana, gr\u00e9s, faian\u00e7a, barro, alto fogo at\u00e9 1200\u00b0, capacetes e bicicletas, com design exclusivo e qualidade certificada."},{"@type":"BreadcrumbList","@id":"https:\/\/www.decalcer.com\/#breadcrumb","itemListElement":[{"@type":"ListItem","position":1,"name":"In\u00edcio","item":"https:\/\/www.decalcer.com\/"},{"@type":"ListItem","position":2,"name":"Home"}]},{"@type":"WebSite","@id":"https:\/\/www.decalcer.com\/#website","url":"https:\/\/www.decalcer.com\/","name":"Decal","description":"Decalques cer\u00e2micos","publisher":{"@id":"https:\/\/www.decalcer.com\/#organization"},"potentialAction":[{"@type":"SearchAction","target":{"@type":"EntryPoint","urlTemplate":"https:\/\/www.decalcer.com\/?s={search_term_string}"},"query-input":{"@type":"PropertyValueSpecification","valueRequired":true,"valueName":"search_term_string"}}],"inLanguage":"en-GB"},{"@type":"Organization","@id":"https:\/\/www.decalcer.com\/#organization","name":"Decalcer decalques vitro unipessoal, Lda","url":"https:\/\/www.decalcer.com\/","logo":{"@type":"ImageObject","inLanguage":"en-GB","@id":"https:\/\/www.decalcer.com\/#\/schema\/logo\/image\/","url":"https:\/\/www.decalcer.com\/wp-content\/uploads\/2023\/06\/logo-decalcer.png","contentUrl":"https:\/\/www.decalcer.com\/wp-content\/uploads\/2023\/06\/logo-decalcer.png","width":900,"height":300,"caption":"Decalcer decalques vitro unipessoal, Lda"},"image":{"@id":"https:\/\/www.decalcer.com\/#\/schema\/logo\/image\/"},"sameAs":["https:\/\/www.facebook.com\/decalcer","https:\/\/www.linkedin.com\/company\/decalcer"]}]}},"_links":{"self":[{"href":"https:\/\/www.decalcer.com\/en\/wp-json\/wp\/v2\/pages\/157","targetHints":{"allow":["GET"]}}],"collection":[{"href":"https:\/\/www.decalcer.com\/en\/wp-json\/wp\/v2\/pages"}],"about":[{"href":"https:\/\/www.decalcer.com\/en\/wp-json\/wp\/v2\/types\/page"}],"author":[{"embeddable":true,"href":"https:\/\/www.decalcer.com\/en\/wp-json\/wp\/v2\/users\/1"}],"replies":[{"embeddable":true,"href":"https:\/\/www.decalcer.com\/en\/wp-json\/wp\/v2\/comments?post=157"}],"version-history":[{"count":88,"href":"https:\/\/www.decalcer.com\/en\/wp-json\/wp\/v2\/pages\/157\/revisions"}],"predecessor-version":[{"id":625,"href":"https:\/\/www.decalcer.com\/en\/wp-json\/wp\/v2\/pages\/157\/revisions\/625"}],"wp:featuredmedia":[{"embeddable":true,"href":"https:\/\/www.decalcer.com\/en\/wp-json\/wp\/v2\/media\/202"}],"wp:attachment":[{"href":"https:\/\/www.decalcer.com\/en\/wp-json\/wp\/v2\/media?parent=157"}],"curies":[{"name":"wp","href":"https:\/\/api.w.org\/{rel}","templated":true}]}}