{"id":162,"date":"2023-06-28T12:59:41","date_gmt":"2023-06-28T12:59:41","guid":{"rendered":"https:\/\/decalcer.com\/wp\/?page_id=162"},"modified":"2025-09-17T16:54:36","modified_gmt":"2025-09-17T16:54:36","slug":"sobre","status":"publish","type":"page","link":"https:\/\/www.decalcer.com\/en\/sobre\/","title":{"rendered":"ABOUT"},"content":{"rendered":"<div data-elementor-type=\"wp-page\" data-elementor-id=\"162\" class=\"elementor elementor-162\" data-elementor-post-type=\"page\">\n\t\t\t\t<div class=\"elementor-element elementor-element-7a58a09 e-flex e-con-boxed e-con e-parent\" data-id=\"7a58a09\" data-element_type=\"container\">\n\t\t\t\t\t<div class=\"e-con-inner\">\n\t\t\t\t<div class=\"elementor-element elementor-element-cd30b7c elementor-headline--style-highlight elementor-widget elementor-widget-animated-headline\" data-id=\"cd30b7c\" data-element_type=\"widget\" data-settings=\"{&quot;marker&quot;:&quot;underline&quot;,&quot;highlighted_text&quot;:&quot;somos&quot;,&quot;headline_style&quot;:&quot;highlight&quot;,&quot;loop&quot;:&quot;yes&quot;,&quot;highlight_animation_duration&quot;:1200,&quot;highlight_iteration_delay&quot;:8000}\" data-widget_type=\"animated-headline.default\">\n\t\t\t\t<div class=\"elementor-widget-container\">\n\t\t\t\t\t\t\t<h3 class=\"elementor-headline\">\n\t\t\t\t\t<span class=\"elementor-headline-plain-text elementor-headline-text-wrapper\">Who<\/span>\n\t\t\t\t<span class=\"elementor-headline-dynamic-wrapper elementor-headline-text-wrapper\">\n\t\t\t\t\t<span class=\"elementor-headline-dynamic-text elementor-headline-text-active\">we are<\/span>\n\t\t\t\t<\/span>\n\t\t\t\t<\/h3>\n\t\t\t\t\t\t<\/div>\n\t\t\t\t<\/div>\n\t\t\t\t\t<\/div>\n\t\t\t\t<\/div>\n\t\t<div class=\"elementor-element elementor-element-55215f9 e-flex e-con-boxed e-con e-parent\" data-id=\"55215f9\" data-element_type=\"container\">\n\t\t\t\t\t<div class=\"e-con-inner\">\n\t\t<div class=\"elementor-element elementor-element-8dbd10e e-con-full e-flex e-con e-child\" data-id=\"8dbd10e\" data-element_type=\"container\">\n\t\t\t\t<div class=\"elementor-element elementor-element-7bf6a55 elementor-widget elementor-widget-image\" data-id=\"7bf6a55\" data-element_type=\"widget\" data-widget_type=\"image.default\">\n\t\t\t\t<div class=\"elementor-widget-container\">\n\t\t\t\t\t\t\t\t\t\t\t\t\t\t\t<img fetchpriority=\"high\" decoding=\"async\" width=\"800\" height=\"600\" src=\"https:\/\/www.decalcer.com\/wp-content\/uploads\/2023\/06\/APC_0006-1-1024x768.jpg\" class=\"attachment-large size-large wp-image-251\" alt=\"Decalque para porcelana\" srcset=\"https:\/\/www.decalcer.com\/wp-content\/uploads\/2023\/06\/APC_0006-1-1024x768.jpg 1024w, https:\/\/www.decalcer.com\/wp-content\/uploads\/2023\/06\/APC_0006-1-300x225.jpg 300w, https:\/\/www.decalcer.com\/wp-content\/uploads\/2023\/06\/APC_0006-1-768x576.jpg 768w, https:\/\/www.decalcer.com\/wp-content\/uploads\/2023\/06\/APC_0006-1.jpg 1400w\" sizes=\"(max-width: 800px) 100vw, 800px\" \/>\t\t\t\t\t\t\t\t\t\t\t\t\t\t\t<\/div>\n\t\t\t\t<\/div>\n\t\t\t\t<\/div>\n\t\t<div class=\"elementor-element elementor-element-01f31c6 e-con-full e-flex e-con e-child\" data-id=\"01f31c6\" data-element_type=\"container\">\n\t\t\t\t<div class=\"elementor-element elementor-element-0d82e5d elementor-widget elementor-widget-text-editor\" data-id=\"0d82e5d\" data-element_type=\"widget\" data-widget_type=\"text-editor.default\">\n\t\t\t\t<div class=\"elementor-widget-container\">\n\t\t\t\t\t\t\t\t\t<h2 data-start=\"1395\" data-end=\"1514\"><strong><span style=\"color: #000000;\">A Decalcer \u00e9 uma empresa sediada em Aveiro especializada na produ\u00e7\u00e3o de decalques para azulejo, vidro, cer\u00e2mica, bicicletas de alum\u00ednio e carbono, capacetes e pl\u00e1sticos.<\/span><\/strong><\/h2><p data-start=\"1521\" data-end=\"1648\"><span style=\"color: #000000;\">Combinamos tradi\u00e7\u00e3o artesanal com t\u00e9cnicas modernas de impress\u00e3o e queima, assegurando cores vivas e duradouras em cada pe\u00e7a.<\/span><\/p><p data-start=\"1655\" data-end=\"1861\"><span style=\"color: #000000;\">Trabalhamos lado a lado com artistas, arquitetos e empresas para desenvolver projetos personalizados \u2014 desde azulejos tradicionais portugueses at\u00e9 solu\u00e7\u00f5es modernas para design de interiores e exteriores.<\/span><\/p><p data-start=\"1868\" data-end=\"1983\"><span style=\"color: #000000;\">O nosso compromisso \u00e9 a <strong data-start=\"1892\" data-end=\"1952\">qualidade, inova\u00e7\u00e3o e preserva\u00e7\u00e3o da identidade cultural<\/strong> atrav\u00e9s da decora\u00e7\u00e3o cer\u00e2mica.<\/span><\/p>\t\t\t\t\t\t\t\t<\/div>\n\t\t\t\t<\/div>\n\t\t\t\t<\/div>\n\t\t\t\t\t<\/div>\n\t\t\t\t<\/div>\n\t\t<div class=\"elementor-element elementor-element-fb60ed8 e-flex e-con-boxed e-con e-parent\" data-id=\"fb60ed8\" data-element_type=\"container\">\n\t\t\t\t\t<div class=\"e-con-inner\">\n\t\t<div class=\"elementor-element elementor-element-2e9f21f e-con-full e-flex e-con e-child\" data-id=\"2e9f21f\" data-element_type=\"container\">\n\t\t\t\t<div class=\"elementor-element elementor-element-3da407e elementor-widget elementor-widget-text-editor\" data-id=\"3da407e\" data-element_type=\"widget\" data-widget_type=\"text-editor.default\">\n\t\t\t\t<div class=\"elementor-widget-container\">\n\t\t\t\t\t\t\t\t\t<p><span style=\"color: #000000;\">With a continuous commitment to technological innovation and a team of highly experienced professionals, we constantly improve the quality of our products.<\/span><\/p><p><span style=\"color: #000000;\">Our dedication to investing in state-of-the-art technologies and applying knowledge acquired over years of experience enables us to offer products of the highest quality.<\/span><\/p><p><span style=\"color: #000000;\">This excellence is widely recognized and proven by our solid customer base, both in the national and international markets.<\/span><\/p><p><span style=\"color: #000000;\">We are proud to be a trusted choice for those seeking superior and lasting results.<\/span><\/p>\t\t\t\t\t\t\t\t<\/div>\n\t\t\t\t<\/div>\n\t\t\t\t<\/div>\n\t\t<div class=\"elementor-element elementor-element-77e76ee e-con-full e-flex e-con e-child\" data-id=\"77e76ee\" data-element_type=\"container\">\n\t\t\t\t<div class=\"elementor-element elementor-element-80446ef elementor-widget elementor-widget-image\" data-id=\"80446ef\" data-element_type=\"widget\" data-widget_type=\"image.default\">\n\t\t\t\t<div class=\"elementor-widget-container\">\n\t\t\t\t\t\t\t\t\t\t\t\t\t\t\t<img decoding=\"async\" width=\"800\" height=\"800\" src=\"https:\/\/www.decalcer.com\/wp-content\/uploads\/2023\/06\/quadrado_boeira.jpg\" class=\"attachment-large size-large wp-image-200\" alt=\"Trabalhamos com decalques de baixo e alto-fogo, para porcelana, gr\u00eas, faian\u00e7a e barro at\u00e9 resist\u00eancia a temperaturas elevadas (~1200 \u00b0C)\" srcset=\"https:\/\/www.decalcer.com\/wp-content\/uploads\/2023\/06\/quadrado_boeira.jpg 800w, https:\/\/www.decalcer.com\/wp-content\/uploads\/2023\/06\/quadrado_boeira-300x300.jpg 300w, https:\/\/www.decalcer.com\/wp-content\/uploads\/2023\/06\/quadrado_boeira-150x150.jpg 150w, https:\/\/www.decalcer.com\/wp-content\/uploads\/2023\/06\/quadrado_boeira-768x768.jpg 768w\" sizes=\"(max-width: 800px) 100vw, 800px\" \/>\t\t\t\t\t\t\t\t\t\t\t\t\t\t\t<\/div>\n\t\t\t\t<\/div>\n\t\t\t\t<\/div>\n\t\t\t\t\t<\/div>\n\t\t\t\t<\/div>\n\t\t<div class=\"elementor-element elementor-element-ddbbaa3 e-flex e-con-boxed e-con e-parent\" data-id=\"ddbbaa3\" data-element_type=\"container\">\n\t\t\t\t\t<div class=\"e-con-inner\">\n\t\t\t\t<div class=\"elementor-element elementor-element-7e46270 elementor-widget elementor-widget-spacer\" data-id=\"7e46270\" data-element_type=\"widget\" data-widget_type=\"spacer.default\">\n\t\t\t\t<div class=\"elementor-widget-container\">\n\t\t\t\t\t\t\t<div class=\"elementor-spacer\">\n\t\t\t<div class=\"elementor-spacer-inner\"><\/div>\n\t\t<\/div>\n\t\t\t\t\t\t<\/div>\n\t\t\t\t<\/div>\n\t\t\t\t<div class=\"elementor-element elementor-element-c77ecfa elementor-headline--style-highlight elementor-widget elementor-widget-animated-headline\" data-id=\"c77ecfa\" data-element_type=\"widget\" data-settings=\"{&quot;marker&quot;:&quot;underline&quot;,&quot;highlighted_text&quot;:&quot;diferencia&quot;,&quot;headline_style&quot;:&quot;highlight&quot;,&quot;loop&quot;:&quot;yes&quot;,&quot;highlight_animation_duration&quot;:1200,&quot;highlight_iteration_delay&quot;:8000}\" data-widget_type=\"animated-headline.default\">\n\t\t\t\t<div class=\"elementor-widget-container\">\n\t\t\t\t\t\t\t<h3 class=\"elementor-headline\">\n\t\t\t\t\t<span class=\"elementor-headline-plain-text elementor-headline-text-wrapper\">What<\/span>\n\t\t\t\t<span class=\"elementor-headline-dynamic-wrapper elementor-headline-text-wrapper\">\n\t\t\t\t\t<span class=\"elementor-headline-dynamic-text elementor-headline-text-active\">differentiates us<\/span>\n\t\t\t\t<\/span>\n\t\t\t\t<\/h3>\n\t\t\t\t\t\t<\/div>\n\t\t\t\t<\/div>\n\t\t\t\t\t<\/div>\n\t\t\t\t<\/div>\n\t\t<div class=\"elementor-element elementor-element-6773ebb e-flex e-con-boxed e-con e-parent\" data-id=\"6773ebb\" data-element_type=\"container\">\n\t\t\t\t\t<div class=\"e-con-inner\">\n\t\t<div class=\"elementor-element elementor-element-c6ec5e2 e-con-full e-flex e-con e-child\" data-id=\"c6ec5e2\" data-element_type=\"container\">\n\t\t\t\t<div class=\"elementor-element elementor-element-9f49822 elementor-widget elementor-widget-image\" data-id=\"9f49822\" data-element_type=\"widget\" data-widget_type=\"image.default\">\n\t\t\t\t<div class=\"elementor-widget-container\">\n\t\t\t\t\t\t\t\t\t\t\t\t\t\t\t<img decoding=\"async\" width=\"800\" height=\"534\" src=\"https:\/\/www.decalcer.com\/wp-content\/uploads\/2023\/06\/Man-working-on-iMac-1024x684.jpg\" class=\"attachment-large size-large wp-image-256\" alt=\"A Decalcer \u00e9 uma empresa sediada em Aveiro especializada na produ\u00e7\u00e3o de decalques para azulejo, vidro e cer\u00e2mica.\" srcset=\"https:\/\/www.decalcer.com\/wp-content\/uploads\/2023\/06\/Man-working-on-iMac-1024x684.jpg 1024w, https:\/\/www.decalcer.com\/wp-content\/uploads\/2023\/06\/Man-working-on-iMac-300x200.jpg 300w, https:\/\/www.decalcer.com\/wp-content\/uploads\/2023\/06\/Man-working-on-iMac-768x513.jpg 768w, https:\/\/www.decalcer.com\/wp-content\/uploads\/2023\/06\/Man-working-on-iMac.jpg 1400w\" sizes=\"(max-width: 800px) 100vw, 800px\" \/>\t\t\t\t\t\t\t\t\t\t\t\t\t\t\t<\/div>\n\t\t\t\t<\/div>\n\t\t\t\t<\/div>\n\t\t<div class=\"elementor-element elementor-element-c68e9d3 e-con-full e-flex e-con e-child\" data-id=\"c68e9d3\" data-element_type=\"container\">\n\t\t\t\t<div class=\"elementor-element elementor-element-1589d07 elementor-widget elementor-widget-text-editor\" data-id=\"1589d07\" data-element_type=\"widget\" data-widget_type=\"text-editor.default\">\n\t\t\t\t<div class=\"elementor-widget-container\">\n\t\t\t\t\t\t\t\t\t<p>We have a design department composed of highly skilled professionals, dedicated to transmitting your idea effectively and with impact. We use our knowledge to create, develop, and enhance your product to ensure that your brand stands out in an increasingly competitive global market.<\/p><p>Our strategic approach allows your brand to be relevant and differentiate itself from the competition. We understand the importance of capturing your target audience's attention and conveying the right message, combining creativity, functionality, and aesthetic appeal.<\/p><p>Our team is committed to ensuring that your product meets the highest quality standards and conveys your brand's core values.<\/p><p>By trusting our design department, you can be confident that your product will be designed with the excellence needed to stand out in an increasingly challenging global market.<\/p>\t\t\t\t\t\t\t\t<\/div>\n\t\t\t\t<\/div>\n\t\t\t\t<\/div>\n\t\t\t\t\t<\/div>\n\t\t\t\t<\/div>\n\t\t<div class=\"elementor-element elementor-element-b45002c e-flex e-con-boxed e-con e-parent\" data-id=\"b45002c\" data-element_type=\"container\">\n\t\t\t\t\t<div class=\"e-con-inner\">\n\t\t\t\t<div class=\"elementor-element elementor-element-9fc01b1 elementor-widget elementor-widget-video\" data-id=\"9fc01b1\" data-element_type=\"widget\" data-settings=\"{&quot;youtube_url&quot;:&quot;https:\\\/\\\/www.youtube.com\\\/watch?v=evixx6tXMIk&quot;,&quot;video_type&quot;:&quot;youtube&quot;,&quot;controls&quot;:&quot;yes&quot;}\" data-widget_type=\"video.default\">\n\t\t\t\t<div class=\"elementor-widget-container\">\n\t\t\t\t\t\t\t<div class=\"elementor-wrapper elementor-open-inline\">\n\t\t\t<div class=\"elementor-video\"><\/div>\t\t<\/div>\n\t\t\t\t\t\t<\/div>\n\t\t\t\t<\/div>\n\t\t\t\t\t<\/div>\n\t\t\t\t<\/div>\n\t\t\t\t<\/div>","protected":false},"excerpt":{"rendered":"<p>A Decalcer \u00e9 uma empresa l\u00edder no mercado de serigrafia, dedicada \u00e0 produ\u00e7\u00e3o de decalques de alta qualidade para a ind\u00fastria cer\u00e2mica, vidro e esmalte. Nosso Know How  e compromisso com a excel\u00eancia permite oferecer uma ampla variedade de decalques personalizados, atendendo \u00e0s especifica\u00e7\u00f5es  de cada cliente<\/p>","protected":false},"author":1,"featured_media":0,"parent":0,"menu_order":0,"comment_status":"closed","ping_status":"closed","template":"","meta":{"footnotes":""},"class_list":["post-162","page","type-page","status-publish","hentry"],"yoast_head":"<!-- This site is optimized with the Yoast SEO plugin v26.1 - https:\/\/yoast.com\/wordpress\/plugins\/seo\/ -->\n<title>Sobre - Decalcer<\/title>\n<meta name=\"description\" content=\"Saiba mais sobre a Decalcer, empresa de Aveiro dedicada a decalques cer\u00e2micos e vidro. Experi\u00eancia, inova\u00e7\u00e3o e tradi\u00e7\u00e3o portuguesa.\" \/>\n<meta name=\"robots\" content=\"index, follow, max-snippet:-1, max-image-preview:large, max-video-preview:-1\" \/>\n<link rel=\"canonical\" href=\"https:\/\/www.decalcer.com\/en\/sobre\/\" \/>\n<meta property=\"og:locale\" content=\"en_GB\" \/>\n<meta property=\"og:type\" content=\"article\" \/>\n<meta property=\"og:title\" content=\"Sobre - Decalcer\" \/>\n<meta property=\"og:description\" content=\"Saiba mais sobre a Decalcer, empresa de Aveiro dedicada a decalques cer\u00e2micos e vidro. Experi\u00eancia, inova\u00e7\u00e3o e tradi\u00e7\u00e3o portuguesa.\" \/>\n<meta property=\"og:url\" content=\"https:\/\/www.decalcer.com\/en\/sobre\/\" \/>\n<meta property=\"og:site_name\" content=\"Decalcer\" \/>\n<meta property=\"article:publisher\" content=\"https:\/\/www.facebook.com\/decalcer\" \/>\n<meta property=\"article:modified_time\" content=\"2025-09-17T16:54:36+00:00\" \/>\n<meta property=\"og:image\" content=\"https:\/\/decalcer.com\/wp\/wp-content\/uploads\/2023\/06\/APC_0006-1-1024x768.jpg\" \/>\n<meta name=\"twitter:card\" content=\"summary_large_image\" \/>\n<meta name=\"twitter:label1\" content=\"Estimated reading time\" \/>\n\t<meta name=\"twitter:data1\" content=\"3 minutes\" \/>\n<script type=\"application\/ld+json\" class=\"yoast-schema-graph\">{\"@context\":\"https:\/\/schema.org\",\"@graph\":[{\"@type\":\"WebPage\",\"@id\":\"https:\/\/www.decalcer.com\/sobre\/\",\"url\":\"https:\/\/www.decalcer.com\/sobre\/\",\"name\":\"Sobre - Decalcer\",\"isPartOf\":{\"@id\":\"https:\/\/www.decalcer.com\/#website\"},\"primaryImageOfPage\":{\"@id\":\"https:\/\/www.decalcer.com\/sobre\/#primaryimage\"},\"image\":{\"@id\":\"https:\/\/www.decalcer.com\/sobre\/#primaryimage\"},\"thumbnailUrl\":\"https:\/\/decalcer.com\/wp\/wp-content\/uploads\/2023\/06\/APC_0006-1-1024x768.jpg\",\"datePublished\":\"2023-06-28T12:59:41+00:00\",\"dateModified\":\"2025-09-17T16:54:36+00:00\",\"description\":\"Saiba mais sobre a Decalcer, empresa de Aveiro dedicada a decalques cer\u00e2micos e vidro. Experi\u00eancia, inova\u00e7\u00e3o e tradi\u00e7\u00e3o portuguesa.\",\"breadcrumb\":{\"@id\":\"https:\/\/www.decalcer.com\/sobre\/#breadcrumb\"},\"inLanguage\":\"en-GB\",\"potentialAction\":[{\"@type\":\"ReadAction\",\"target\":[\"https:\/\/www.decalcer.com\/sobre\/\"]}]},{\"@type\":\"ImageObject\",\"inLanguage\":\"en-GB\",\"@id\":\"https:\/\/www.decalcer.com\/sobre\/#primaryimage\",\"url\":\"https:\/\/decalcer.com\/wp\/wp-content\/uploads\/2023\/06\/APC_0006-1-1024x768.jpg\",\"contentUrl\":\"https:\/\/decalcer.com\/wp\/wp-content\/uploads\/2023\/06\/APC_0006-1-1024x768.jpg\"},{\"@type\":\"BreadcrumbList\",\"@id\":\"https:\/\/www.decalcer.com\/sobre\/#breadcrumb\",\"itemListElement\":[{\"@type\":\"ListItem\",\"position\":1,\"name\":\"In\u00edcio\",\"item\":\"https:\/\/www.decalcer.com\/\"},{\"@type\":\"ListItem\",\"position\":2,\"name\":\"Sobre\"}]},{\"@type\":\"WebSite\",\"@id\":\"https:\/\/www.decalcer.com\/#website\",\"url\":\"https:\/\/www.decalcer.com\/\",\"name\":\"Decalcer\",\"description\":\"Decalques cer\u00e2micos\",\"publisher\":{\"@id\":\"https:\/\/www.decalcer.com\/#organization\"},\"potentialAction\":[{\"@type\":\"SearchAction\",\"target\":{\"@type\":\"EntryPoint\",\"urlTemplate\":\"https:\/\/www.decalcer.com\/?s={search_term_string}\"},\"query-input\":{\"@type\":\"PropertyValueSpecification\",\"valueRequired\":true,\"valueName\":\"search_term_string\"}}],\"inLanguage\":\"en-GB\"},{\"@type\":\"Organization\",\"@id\":\"https:\/\/www.decalcer.com\/#organization\",\"name\":\"Decalcer decalques vitro unipessoal, Lda\",\"url\":\"https:\/\/www.decalcer.com\/\",\"logo\":{\"@type\":\"ImageObject\",\"inLanguage\":\"en-GB\",\"@id\":\"https:\/\/www.decalcer.com\/#\/schema\/logo\/image\/\",\"url\":\"https:\/\/www.decalcer.com\/wp-content\/uploads\/2023\/06\/logo-decalcer.png\",\"contentUrl\":\"https:\/\/www.decalcer.com\/wp-content\/uploads\/2023\/06\/logo-decalcer.png\",\"width\":900,\"height\":300,\"caption\":\"Decalcer decalques vitro unipessoal, Lda\"},\"image\":{\"@id\":\"https:\/\/www.decalcer.com\/#\/schema\/logo\/image\/\"},\"sameAs\":[\"https:\/\/www.facebook.com\/decalcer\",\"https:\/\/www.linkedin.com\/company\/decalcer\"]}]}<\/script>\n<!-- \/ Yoast SEO plugin. -->","yoast_head_json":{"title":"Sobre - Decalcer","description":"Saiba mais sobre a Decalcer, empresa de Aveiro dedicada a decalques cer\u00e2micos e vidro. Experi\u00eancia, inova\u00e7\u00e3o e tradi\u00e7\u00e3o portuguesa.","robots":{"index":"index","follow":"follow","max-snippet":"max-snippet:-1","max-image-preview":"max-image-preview:large","max-video-preview":"max-video-preview:-1"},"canonical":"https:\/\/www.decalcer.com\/en\/sobre\/","og_locale":"en_GB","og_type":"article","og_title":"Sobre - Decalcer","og_description":"Saiba mais sobre a Decalcer, empresa de Aveiro dedicada a decalques cer\u00e2micos e vidro. Experi\u00eancia, inova\u00e7\u00e3o e tradi\u00e7\u00e3o portuguesa.","og_url":"https:\/\/www.decalcer.com\/en\/sobre\/","og_site_name":"Decalcer","article_publisher":"https:\/\/www.facebook.com\/decalcer","article_modified_time":"2025-09-17T16:54:36+00:00","og_image":[{"url":"https:\/\/decalcer.com\/wp\/wp-content\/uploads\/2023\/06\/APC_0006-1-1024x768.jpg","type":"","width":"","height":""}],"twitter_card":"summary_large_image","twitter_misc":{"Estimated reading time":"3 minutes"},"schema":{"@context":"https:\/\/schema.org","@graph":[{"@type":"WebPage","@id":"https:\/\/www.decalcer.com\/sobre\/","url":"https:\/\/www.decalcer.com\/sobre\/","name":"Sobre - Decalcer","isPartOf":{"@id":"https:\/\/www.decalcer.com\/#website"},"primaryImageOfPage":{"@id":"https:\/\/www.decalcer.com\/sobre\/#primaryimage"},"image":{"@id":"https:\/\/www.decalcer.com\/sobre\/#primaryimage"},"thumbnailUrl":"https:\/\/decalcer.com\/wp\/wp-content\/uploads\/2023\/06\/APC_0006-1-1024x768.jpg","datePublished":"2023-06-28T12:59:41+00:00","dateModified":"2025-09-17T16:54:36+00:00","description":"Saiba mais sobre a Decalcer, empresa de Aveiro dedicada a decalques cer\u00e2micos e vidro. Experi\u00eancia, inova\u00e7\u00e3o e tradi\u00e7\u00e3o portuguesa.","breadcrumb":{"@id":"https:\/\/www.decalcer.com\/sobre\/#breadcrumb"},"inLanguage":"en-GB","potentialAction":[{"@type":"ReadAction","target":["https:\/\/www.decalcer.com\/sobre\/"]}]},{"@type":"ImageObject","inLanguage":"en-GB","@id":"https:\/\/www.decalcer.com\/sobre\/#primaryimage","url":"https:\/\/decalcer.com\/wp\/wp-content\/uploads\/2023\/06\/APC_0006-1-1024x768.jpg","contentUrl":"https:\/\/decalcer.com\/wp\/wp-content\/uploads\/2023\/06\/APC_0006-1-1024x768.jpg"},{"@type":"BreadcrumbList","@id":"https:\/\/www.decalcer.com\/sobre\/#breadcrumb","itemListElement":[{"@type":"ListItem","position":1,"name":"In\u00edcio","item":"https:\/\/www.decalcer.com\/"},{"@type":"ListItem","position":2,"name":"Sobre"}]},{"@type":"WebSite","@id":"https:\/\/www.decalcer.com\/#website","url":"https:\/\/www.decalcer.com\/","name":"Decal","description":"Decalques cer\u00e2micos","publisher":{"@id":"https:\/\/www.decalcer.com\/#organization"},"potentialAction":[{"@type":"SearchAction","target":{"@type":"EntryPoint","urlTemplate":"https:\/\/www.decalcer.com\/?s={search_term_string}"},"query-input":{"@type":"PropertyValueSpecification","valueRequired":true,"valueName":"search_term_string"}}],"inLanguage":"en-GB"},{"@type":"Organization","@id":"https:\/\/www.decalcer.com\/#organization","name":"Decalcer decalques vitro unipessoal, Lda","url":"https:\/\/www.decalcer.com\/","logo":{"@type":"ImageObject","inLanguage":"en-GB","@id":"https:\/\/www.decalcer.com\/#\/schema\/logo\/image\/","url":"https:\/\/www.decalcer.com\/wp-content\/uploads\/2023\/06\/logo-decalcer.png","contentUrl":"https:\/\/www.decalcer.com\/wp-content\/uploads\/2023\/06\/logo-decalcer.png","width":900,"height":300,"caption":"Decalcer decalques vitro unipessoal, Lda"},"image":{"@id":"https:\/\/www.decalcer.com\/#\/schema\/logo\/image\/"},"sameAs":["https:\/\/www.facebook.com\/decalcer","https:\/\/www.linkedin.com\/company\/decalcer"]}]}},"_links":{"self":[{"href":"https:\/\/www.decalcer.com\/en\/wp-json\/wp\/v2\/pages\/162","targetHints":{"allow":["GET"]}}],"collection":[{"href":"https:\/\/www.decalcer.com\/en\/wp-json\/wp\/v2\/pages"}],"about":[{"href":"https:\/\/www.decalcer.com\/en\/wp-json\/wp\/v2\/types\/page"}],"author":[{"embeddable":true,"href":"https:\/\/www.decalcer.com\/en\/wp-json\/wp\/v2\/users\/1"}],"replies":[{"embeddable":true,"href":"https:\/\/www.decalcer.com\/en\/wp-json\/wp\/v2\/comments?post=162"}],"version-history":[{"count":18,"href":"https:\/\/www.decalcer.com\/en\/wp-json\/wp\/v2\/pages\/162\/revisions"}],"predecessor-version":[{"id":508,"href":"https:\/\/www.decalcer.com\/en\/wp-json\/wp\/v2\/pages\/162\/revisions\/508"}],"wp:attachment":[{"href":"https:\/\/www.decalcer.com\/en\/wp-json\/wp\/v2\/media?parent=162"}],"curies":[{"name":"wp","href":"https:\/\/api.w.org\/{rel}","templated":true}]}}